{"id":4287,"date":"2024-05-25T22:11:51","date_gmt":"2024-05-25T22:11:51","guid":{"rendered":"https:\/\/therminators.com\/team-deepl-all-page-translate\/"},"modified":"2026-04-10T07:34:56","modified_gmt":"2026-04-10T07:34:56","slug":"team","status":"publish","type":"page","link":"https:\/\/www.anytherm.com\/de\/ueber-uns\/team\/","title":{"rendered":"Team"},"content":{"rendered":"\n<p class=\"has-text-align-center\"><em>Unser engagiertes Team besteht aus qualifizierten Fachkr\u00e4ften aus den Bereichen Maschinenbau, Energieberatung, Verfahrenstechnik, Konstruktionstechnik, Schwei\u00df- und Fertigungstechnik sowie Wirtschaft und Verwaltung. Wir setzen auf schlanke Hierarchien und ein hohes Ma\u00df an Eigenverantwortung und Engagement unserer Mitarbeiter.<\/em><br><em>Gemeinsam sind wir bestrebt, unseren Kunden ein H\u00f6chstma\u00df an Service und Qualit\u00e4t in unseren Projekten, Dienstleistungen und Produkten zu bieten. Mit unserer Arbeit wollen wir inspirieren und zu einer verbesserten \u00f6konomischen und \u00f6kologischen Nachhaltigkeit beitragen.<\/em><\/p>\n\n\n\n<hr class=\"wp-block-separator has-alpha-channel-opacity\"\/>\n\n\n<h3 class=\"wp-block-heading\" style=\"font-size:clamp(14px, 0.875rem + ((1vw - 3.2px) * 0.625), 20px);text-transform:uppercase\" id=\"geschaeftsleitung\">Gesch\u00e4ftsleitung<br><br><\/h3>\n\n\n<p><em>Gesch\u00e4ftsf\u00fchrer, Eigent\u00fcmer und Gr\u00fcnder von ANYTHERM sind Dominic Ettlin und Nicolas Ettlin.<\/em><\/p>\n\n\n\n<div class=\"wp-block-columns teamBox is-layout-flex wp-container-core-columns-is-layout-28f84493 wp-block-columns-is-layout-flex\">\n<div class=\"wp-block-column is-layout-flow wp-block-column-is-layout-flow\" style=\"flex-basis:60%\">\n<p>Dominic Ettlin ist diplomierter Maschinenbauingenieur HF und blickt auf \u00fcber 20 Jahre Berufserfahrung in der W\u00e4rmetauscherbranche. Er verf\u00fcgt \u00fcber fundierte Kenntnisse im Bereich W\u00e4rmer\u00fcckgewinnungssysteme und Rippenrohrw\u00e4rmetauscherl\u00f6sungen f\u00fcr Spr\u00fchtrocknungsanwendungen und hat sich in diesem Bereich ein gro\u00dfes Netzwerk aufgebaut.<br>Dominic ist verheiratet und Vater von 3 Kindern. <\/p>\n<\/div>\n\n\n\n<div class=\"wp-block-column is-vertically-aligned-center is-layout-flow wp-block-column-is-layout-flow\" style=\"flex-basis:40%\">\n<div class=\"wp-block-columns is-layout-flex wp-container-core-columns-is-layout-28f84493 wp-block-columns-is-layout-flex\">\n<div class=\"wp-block-column is-layout-flow wp-block-column-is-layout-flow\">\n<figure class=\"wp-block-image aligncenter size-full is-resized teamImage\"><a href=\"mailto:dominic.ettlin@anytherm.com\"><img loading=\"lazy\" decoding=\"async\" width=\"567\" height=\"567\" src=\"https:\/\/www.anytherm.com\/wp-content\/uploads\/2024\/05\/Dominic-Ettlin_rg.png\" alt=\"Dominic Ettlin\" class=\"wp-image-397\" style=\"width:154px\" title=\"\" srcset=\"https:\/\/www.anytherm.com\/wp-content\/uploads\/2024\/05\/Dominic-Ettlin_rg.png 567w, https:\/\/www.anytherm.com\/wp-content\/uploads\/2024\/05\/Dominic-Ettlin_rg-300x300.png 300w, https:\/\/www.anytherm.com\/wp-content\/uploads\/2024\/05\/Dominic-Ettlin_rg-150x150.png 150w\" sizes=\"auto, (max-width: 567px) 100vw, 567px\" \/><\/a><\/figure>\n\n\n\n<div style=\"height:7px\" aria-hidden=\"true\" class=\"wp-block-spacer\"><\/div>\n<\/div>\n\n\n\n<div class=\"wp-block-column teamName is-layout-flow wp-block-column-is-layout-flow\">\n<p><strong>Dominic Ettlin<\/strong><\/p>\n\n\n\n<p style=\"font-size:12px\">Gesch\u00e4ftsf\u00fchrer<br>Vertrieb und Technik<\/p>\n\n\n\n<p class=\"singleContact\" style=\"font-size:12px\"><a href=\"tel:0041784082912\">Tel<\/a> | <a href=\"mailto:dominic.ettlin@anytherm.com\">Mail<\/a> | <a href=\"https:\/\/www.linkedin.com\/in\/dominicettlin\/\" target=\"_blank\" rel=\"noreferrer noopener\">Linkedin<\/a><\/p>\n<\/div>\n<\/div>\n<\/div>\n<\/div>\n\n\n\n<div class=\"wp-block-columns teamBox is-layout-flex wp-container-core-columns-is-layout-28f84493 wp-block-columns-is-layout-flex\">\n<div class=\"wp-block-column is-layout-flow wp-block-column-is-layout-flow\" style=\"flex-basis:60%\">\n<p>Nicolas Ettlin hat einen Master of Science in Maschinenbau von der ETH Z\u00fcrich mit Spezialisierung auf Thermodynamik, Energie, Str\u00f6mungen und Prozesse konzentrierte. Sein wissenschaftlicher Hintergrund in Kombination mit seiner beruflichen Erfahrung in der Energieberatung und im Ingenieurwesen er\u00f6ffnet vielf\u00e4ltige M\u00f6glichkeiten f\u00fcr weiterf\u00fchrende Entwicklungen und praxisnahe Anwendungen.  <br>Nicolas ist verheiratet und Vater von 3 Kindern.<\/p>\n<\/div>\n\n\n\n<div class=\"wp-block-column is-layout-flow wp-block-column-is-layout-flow\" style=\"flex-basis:40%\">\n<div class=\"wp-block-columns is-layout-flex wp-container-core-columns-is-layout-28f84493 wp-block-columns-is-layout-flex\">\n<div class=\"wp-block-column is-layout-flow wp-block-column-is-layout-flow\">\n<figure class=\"wp-block-image aligncenter size-full is-resized teamImage\"><a href=\"mailto:nicolas.ettlin@anytherm.com\"><img loading=\"lazy\" decoding=\"async\" width=\"1771\" height=\"1772\" src=\"https:\/\/www.anytherm.com\/wp-content\/uploads\/2024\/05\/Nicolas-Ettlin_rg.png\" alt=\"Nicolas Ettlin\" class=\"wp-image-373\" style=\"width:154px\" srcset=\"https:\/\/www.anytherm.com\/wp-content\/uploads\/2024\/05\/Nicolas-Ettlin_rg.png 1771w, https:\/\/www.anytherm.com\/wp-content\/uploads\/2024\/05\/Nicolas-Ettlin_rg-300x300.png 300w, https:\/\/www.anytherm.com\/wp-content\/uploads\/2024\/05\/Nicolas-Ettlin_rg-1024x1024.png 1024w, https:\/\/www.anytherm.com\/wp-content\/uploads\/2024\/05\/Nicolas-Ettlin_rg-150x150.png 150w, https:\/\/www.anytherm.com\/wp-content\/uploads\/2024\/05\/Nicolas-Ettlin_rg-768x768.png 768w, https:\/\/www.anytherm.com\/wp-content\/uploads\/2024\/05\/Nicolas-Ettlin_rg-1536x1536.png 1536w\" sizes=\"auto, (max-width: 1771px) 100vw, 1771px\" \/><\/a><\/figure>\n\n\n\n<div style=\"height:7px\" aria-hidden=\"true\" class=\"wp-block-spacer\"><\/div>\n<\/div>\n\n\n\n<div class=\"wp-block-column teamName is-layout-flow wp-block-column-is-layout-flow\">\n<p><strong>Nicolas Ettlin<\/strong><\/p>\n\n\n\n<p style=\"font-size:12px\">Gesch\u00e4ftsf\u00fchrer<br>Operatives und Strategie<\/p>\n\n\n\n<p class=\"singleContact\" style=\"font-size:12px\"><a href=\"tel:0041788638106\" data-type=\"link\" data-id=\"http:\/\/+41788638106\">Tel<\/a> | <a href=\"mailto:nicolas.ettlin@anytherm.com\">Mail<\/a> | <a href=\"https:\/\/www.linkedin.com\/in\/nicolasettlin\/\" target=\"_blank\" rel=\"noreferrer noopener\">Linkedin<\/a><\/p>\n<\/div>\n<\/div>\n<\/div>\n<\/div>\n\n\n<h3 class=\"wp-block-heading\" style=\"font-size:clamp(14px, 0.875rem + ((1vw - 3.2px) * 0.625), 20px);text-transform:uppercase\" id=\"vertrieb-und-projektleitung-waermetausch-rueckgewinnung-und-energieberatung\">Vertrieb und Projektleitung | W\u00e4rmetausch, R\u00fcckgewinnung und Energieberatung<\/h3>\n\n\n<p><em>Ihr erster Ansprechpartner f\u00fcr technischen Vertrieb und Projektberatung: E-Mail: sales@anytherm.com, Tel: +41 78 722 2200.<\/em><br><em>Oder kontaktieren Sie uns direkt per E-Mail, indem Sie auf das Portraitbild klicken.<\/em><\/p>\n\n\n\n<div class=\"wp-block-columns teamBox is-layout-flex wp-container-core-columns-is-layout-28f84493 wp-block-columns-is-layout-flex\">\n<div class=\"wp-block-column is-layout-flow wp-block-column-is-layout-flow\" style=\"flex-basis:60%\">\n<p>Gabriel K\u00e4gi verf\u00fcgt \u00fcber einen Bachelor of Science in Maschinenbau sowie eine professionelle Ausbildung als Konstrukteur. Er hat mehrere Jahre Erfahrung auf dem Gebiet der kundenspezifischen Sonderkonstruktionen f\u00fcr den Anlagenbau gesammelt. Bei Anytherm arbeitet Gabriel als Head of Sales und koordiniert unsere Vertriebstechnik. Au\u00dferdem sorgt er f\u00fcr eine reibungslose Zusammenarbeit zwischen Vertrieb, Projektmanagement und Produktion. In seiner Freizeit konzentriert sich Gabriel beim Klettern, beim Wintersport oder beim Gitarrespielen.    <\/p>\n<\/div>\n\n\n\n<div class=\"wp-block-column is-layout-flow wp-block-column-is-layout-flow\" style=\"flex-basis:40%\">\n<div class=\"wp-block-columns is-layout-flex wp-container-core-columns-is-layout-28f84493 wp-block-columns-is-layout-flex\">\n<div class=\"wp-block-column is-layout-flow wp-block-column-is-layout-flow\">\n<figure class=\"wp-block-image aligncenter size-full is-resized teamImage\"><a href=\"mailto:gabriel.kaegi@anytherm.com\"><img loading=\"lazy\" decoding=\"async\" width=\"155\" height=\"156\" src=\"https:\/\/www.anytherm.com\/wp-content\/uploads\/2024\/08\/gabriel.png\" alt=\"Gabriel\" class=\"wp-image-3436\" style=\"width:154px\" srcset=\"https:\/\/www.anytherm.com\/wp-content\/uploads\/2024\/08\/gabriel.png 155w, https:\/\/www.anytherm.com\/wp-content\/uploads\/2024\/08\/gabriel-150x150.png 150w\" sizes=\"auto, (max-width: 155px) 100vw, 155px\" \/><\/a><\/figure>\n<\/div>\n\n\n\n<div class=\"wp-block-column teamName is-layout-flow wp-block-column-is-layout-flow\">\n<p><strong>Gabriel K\u00e4gi<\/strong><\/p>\n\n\n\n<p style=\"font-size:12px\">Exchangers and Equipment<br>Sales Engineer<br>Head of Sales \/ SCM Lead<\/p>\n\n\n\n<p class=\"singleContact\" style=\"font-size:12px\"><a href=\"http:\/\/+41%2078%20212%2027%2094\">Tel<\/a> | <a href=\"mailto:gabriel.kaegi@anytherm.com\">Mail<\/a><\/p>\n<\/div>\n<\/div>\n<\/div>\n<\/div>\n\n\n\n<div class=\"wp-block-columns teamBox is-layout-flex wp-container-core-columns-is-layout-28f84493 wp-block-columns-is-layout-flex\">\n<div class=\"wp-block-column is-layout-flow wp-block-column-is-layout-flow\" style=\"flex-basis:60%\">\n<p>Tobias Helbling hat einen Master of Science in Maschinenbau, wo er sich auf Thermodynamik, Energie, Str\u00f6mungen und Prozesse mit besonderer Spezialisierung auf die Pinch-Analyse-Methodik konzentrierte. Tobias Helbling ist verantwortlich f\u00fcr Energieberatungsprojekte, in denen er unsere Kunden ber\u00e4t, wie sie ihre Energieeffizienz wirtschaftlich verbessern und CO2-Emissionen reduzieren k\u00f6nnen &#8211; z.B. indem er analysiert, wie \u00fcbersch\u00fcssige Prozessw\u00e4rme durch den Einsatz von W\u00e4rmetauschern, W\u00e4rmepumpen oder weiteren Energietechnologien optimal zur\u00fcckgewonnen werden kann. <\/p>\n<\/div>\n\n\n\n<div class=\"wp-block-column is-layout-flow wp-block-column-is-layout-flow\" style=\"flex-basis:40%\">\n<div class=\"wp-block-columns is-layout-flex wp-container-core-columns-is-layout-28f84493 wp-block-columns-is-layout-flex\">\n<div class=\"wp-block-column is-layout-flow wp-block-column-is-layout-flow\">\n<figure class=\"wp-block-image aligncenter size-full is-resized teamImage\"><a href=\"mailto:tobias.helbling@anytherm.com\"><img loading=\"lazy\" decoding=\"async\" width=\"885\" height=\"886\" src=\"https:\/\/www.anytherm.com\/wp-content\/uploads\/2024\/05\/Tobias-Helbling_rg.png\" alt=\"Tobias Helbling\" class=\"wp-image-363\" style=\"width:154px\" srcset=\"https:\/\/www.anytherm.com\/wp-content\/uploads\/2024\/05\/Tobias-Helbling_rg.png 885w, https:\/\/www.anytherm.com\/wp-content\/uploads\/2024\/05\/Tobias-Helbling_rg-300x300.png 300w, https:\/\/www.anytherm.com\/wp-content\/uploads\/2024\/05\/Tobias-Helbling_rg-150x150.png 150w, https:\/\/www.anytherm.com\/wp-content\/uploads\/2024\/05\/Tobias-Helbling_rg-768x769.png 768w\" sizes=\"auto, (max-width: 885px) 100vw, 885px\" \/><\/a><\/figure>\n<\/div>\n\n\n\n<div class=\"wp-block-column teamName is-layout-flow wp-block-column-is-layout-flow\">\n<p><strong>Tobias Helbling<\/strong><\/p>\n\n\n\n<p style=\"font-size:12px\">Energieberatung und W\u00e4rmer\u00fcckgewinnung<br>Energieberater \/ Projektleiter<br>Leiter Energieberatung<\/p>\n\n\n\n<p class=\"singleContact\" style=\"font-size:12px\"><a href=\"tel:+41762441423\" data-type=\"tel\" data-id=\"tel:+41762441423\">Tel<\/a> | <a href=\"mailto:tobias.helbling@anytherm.com\">Mail<\/a><\/p>\n<\/div>\n<\/div>\n<\/div>\n<\/div>\n\n\n\n<div class=\"wp-block-columns teamBox is-layout-flex wp-container-core-columns-is-layout-28f84493 wp-block-columns-is-layout-flex\">\n<div class=\"wp-block-column is-layout-flow wp-block-column-is-layout-flow\" style=\"flex-basis:60%\">\n<p>Ren\u00e9 Weber hat ein HF in Maschinenbau, ein CAS in Industriedesign sowie einen Master of Advanced Studies in Design Engineering und Innovation. Ren\u00e9 hat mehr als 19 Jahre Berufserfahrung als Projektleiter im Bereich Design und Entwicklung gesammelt. Bei Anytherm ist Ren\u00e9 f\u00fcr unsere Aktivit\u00e4ten im Bereich Engineering und Innovation verantwortlich. In seiner Freizeit liebt der dreifache Familienvater Radfahren, Kochen und verschiedene Familienaktivit\u00e4ten.   <\/p>\n<\/div>\n\n\n\n<div class=\"wp-block-column is-layout-flow wp-block-column-is-layout-flow\" style=\"flex-basis:40%\">\n<div class=\"wp-block-columns is-layout-flex wp-container-core-columns-is-layout-28f84493 wp-block-columns-is-layout-flex\">\n<div class=\"wp-block-column is-layout-flow wp-block-column-is-layout-flow\">\n<figure class=\"wp-block-image aligncenter size-full is-resized teamImage\"><a href=\"mailto:rene.weber@anytherm.com\"><img loading=\"lazy\" decoding=\"async\" width=\"425\" height=\"425\" src=\"https:\/\/www.anytherm.com\/wp-content\/uploads\/2024\/05\/Rene-Weber_rg.png\" alt=\"Ren\u00e9 Weber\" class=\"wp-image-371\" style=\"width:154px;height:auto\" srcset=\"https:\/\/www.anytherm.com\/wp-content\/uploads\/2024\/05\/Rene-Weber_rg.png 425w, https:\/\/www.anytherm.com\/wp-content\/uploads\/2024\/05\/Rene-Weber_rg-300x300.png 300w, https:\/\/www.anytherm.com\/wp-content\/uploads\/2024\/05\/Rene-Weber_rg-150x150.png 150w\" sizes=\"auto, (max-width: 425px) 100vw, 425px\" \/><\/a><\/figure>\n\n\n\n<div style=\"height:7px\" aria-hidden=\"true\" class=\"wp-block-spacer\"><\/div>\n<\/div>\n\n\n\n<div class=\"wp-block-column teamName is-layout-flow wp-block-column-is-layout-flow\">\n<p><strong>Ren\u00e9 Weber<\/strong><\/p>\n\n\n\n<p style=\"font-size:12px\">Technik und Innovation<br>Leiter der Abteilung Technik und Innovation<br>ICT Lead<\/p>\n\n\n\n<p class=\"singleContact\" style=\"font-size:12px\"><a href=\"tel:0041762026576\">Tel<\/a> | <a href=\"mailto:rene.weber@anytherm.com\">Mail<\/a><\/p>\n<\/div>\n<\/div>\n<\/div>\n<\/div>\n\n\n\n<div class=\"wp-block-columns teamBox is-layout-flex wp-container-core-columns-is-layout-28f84493 wp-block-columns-is-layout-flex\">\n<div class=\"wp-block-column is-layout-flow wp-block-column-is-layout-flow\" style=\"flex-basis:60%\">\n<p>Ueli Zwingli hat einen Bachelor of Science in Maschinenbau mit Spezialisierung in Innovation und Automation. Zus\u00e4tzlich besitzt er ein CAS in Industriellem Projektmanagement. Ueli verf\u00fcgt \u00fcber langj\u00e4hrige Berufserfahrung in den Bereichen Konstruktion, Entwicklung und Projektleitung. Bei Anytherm arbeitet Ueli mit dem Verkauf zusammen und leitet das Team Projektmanagement. In seiner Freizeit treibt Ueli gerne Sport, wie z.B. verschiedene Wintersportarten, Mountainbiken, Radfahren, Klettern\/Bouldern und Wandern.    <\/p>\n<\/div>\n\n\n\n<div class=\"wp-block-column is-layout-flow wp-block-column-is-layout-flow\" style=\"flex-basis:40%\">\n<div class=\"wp-block-columns is-layout-flex wp-container-core-columns-is-layout-28f84493 wp-block-columns-is-layout-flex\">\n<div class=\"wp-block-column is-layout-flow wp-block-column-is-layout-flow\">\n<figure class=\"wp-block-image aligncenter size-full is-resized teamImage\"><a href=\"mailto:ueli.zwingli@anytherm.com\"><img loading=\"lazy\" decoding=\"async\" width=\"155\" height=\"155\" src=\"https:\/\/www.anytherm.com\/wp-content\/uploads\/2024\/08\/UeliZwingli.png\" alt=\"\" class=\"wp-image-3470\" style=\"width:154px;height:auto\" srcset=\"https:\/\/www.anytherm.com\/wp-content\/uploads\/2024\/08\/UeliZwingli.png 155w, https:\/\/www.anytherm.com\/wp-content\/uploads\/2024\/08\/UeliZwingli-150x150.png 150w\" sizes=\"auto, (max-width: 155px) 100vw, 155px\" \/><\/a><\/figure>\n\n\n\n<div style=\"height:7px\" aria-hidden=\"true\" class=\"wp-block-spacer\"><\/div>\n<\/div>\n\n\n\n<div class=\"wp-block-column teamName is-layout-flow wp-block-column-is-layout-flow\">\n<p><strong>Ueli Zwingli<\/strong><\/p>\n\n\n\n<p style=\"font-size:12px\">Exchangers and Equipment<br>Project Manager<br>Head of Project Management<br>QM Lead<\/p>\n\n\n\n<p class=\"singleContact\" style=\"font-size:12px\"><a href=\"tel:+41783402414\">T<\/a><a href=\"tel:0041782132364\">e<\/a><a href=\"tel:+41783402414\">l<\/a> | <a href=\"mailto:ueli.zwingli@anytherm.com\">Mail<\/a><\/p>\n<\/div>\n<\/div>\n<\/div>\n<\/div>\n\n\n\n<div class=\"wp-block-columns teamBox is-layout-flex wp-container-core-columns-is-layout-28f84493 wp-block-columns-is-layout-flex\">\n<div class=\"wp-block-column is-layout-flow wp-block-column-is-layout-flow\" style=\"flex-basis:60%\">\n<p>Carlos Bessa hat einen Bachelor-Abschluss in Wirtschaftsingenieurwesen und verf\u00fcgt \u00fcber eine solide technische Grundlage als ausgebildeter Konstrukteur (EFZ). Er hat praktische Erfahrung im technischen Vertrieb und in ingenieurwissenschaftlichen Funktionen in industriellen Umgebungen. Bei Anytherm arbeitet Carlos als Vertriebsingenieur und unterst\u00fctzt in enger Abstimmung mit den Ingenieur- und Projektteams die technische Ausarbeitung kundenspezifischer L\u00f6sungen. In seiner Freizeit fotografiert Carlos gerne, reist und trainiert im Fitnessstudio.   <\/p>\n<\/div>\n\n\n\n<div class=\"wp-block-column is-layout-flow wp-block-column-is-layout-flow\" style=\"flex-basis:40%\">\n<div class=\"wp-block-columns is-layout-flex wp-container-core-columns-is-layout-28f84493 wp-block-columns-is-layout-flex\">\n<div class=\"wp-block-column is-layout-flow wp-block-column-is-layout-flow\">\n<figure class=\"wp-block-image aligncenter size-full is-resized teamImage\"><img loading=\"lazy\" decoding=\"async\" width=\"155\" height=\"155\" src=\"https:\/\/www.anytherm.com\/wp-content\/uploads\/2025\/12\/carlos-bessa.png\" alt=\"\" class=\"wp-image-6570\" style=\"width:154px\" srcset=\"https:\/\/www.anytherm.com\/wp-content\/uploads\/2025\/12\/carlos-bessa.png 155w, https:\/\/www.anytherm.com\/wp-content\/uploads\/2025\/12\/carlos-bessa-150x150.png 150w\" sizes=\"auto, (max-width: 155px) 100vw, 155px\" \/><\/figure>\n<\/div>\n\n\n\n<div class=\"wp-block-column teamName is-layout-flow wp-block-column-is-layout-flow\">\n<p><strong>Carlos Bessa<\/strong><\/p>\n\n\n\n<p style=\"font-size:12px\">W\u00e4rmetauscher und Ausr\u00fcstung<br>Projektleiter<\/p>\n\n\n\n<p class=\"singleContact\" style=\"font-size:12px\"><a href=\"tel:0041782332080\">Tel<\/a> | <a href=\"mailto:carlos.bessa@anytherm.com\">Mail<\/a><\/p>\n<\/div>\n<\/div>\n<\/div>\n<\/div>\n\n\n\n<div class=\"wp-block-columns teamBox is-layout-flex wp-container-core-columns-is-layout-28f84493 wp-block-columns-is-layout-flex\">\n<div class=\"wp-block-column is-layout-flow wp-block-column-is-layout-flow\" style=\"flex-basis:60%\">\n<p>Liam Decaster hat einen Bachelorabschluss in Industrial Engineering and Management und verf\u00fcgt \u00fcber einen starken technischen Hintergrund als zertifizierter Elektroniktechniker (EFZ). Er hat praktische Erfahrungen in produktionsnahen T\u00e4tigkeiten in industriellen Umgebungen gesammelt. In seiner aktuellen Rolle als Sales Engineer unterst\u00fctzt er die technische Ausarbeitung kundenspezifischer L\u00f6sungen in enger Zusammenarbeit mit Engineering- und Projektteams. Dar\u00fcber hinaus hat seine T\u00e4tigkeit als Gruppenleiter im Schweizer Milit\u00e4r seine F\u00fchrungs-, Organisations- und technischen Instandhaltungsf\u00e4higkeiten gest\u00e4rkt. In seiner Freizeit widmet er sich kreativen Miniaturmalprojekten und verbringt gerne Zeit mit strategischen Karten- und Brettspielen.<\/p>\n<\/div>\n\n\n\n<div class=\"wp-block-column is-layout-flow wp-block-column-is-layout-flow\" style=\"flex-basis:40%\">\n<div class=\"wp-block-columns is-layout-flex wp-container-core-columns-is-layout-28f84493 wp-block-columns-is-layout-flex\">\n<div class=\"wp-block-column is-layout-flow wp-block-column-is-layout-flow\">\n<figure class=\"wp-block-image aligncenter size-full is-resized teamImage\"><img decoding=\"async\" src=\"https:\/\/www.anytherm.com\/wp-content\/uploads\/2026\/04\/Liam-Decaster-3.png\" alt=\"\" class=\"wp-image-7794\" style=\"width:154px\"\/><\/figure>\n<\/div>\n\n\n\n<div class=\"wp-block-column teamName is-layout-flow wp-block-column-is-layout-flow\">\n<p><strong>Liam Decaster<\/strong><\/p>\n\n\n\n<p style=\"font-size:12px\">W\u00e4rmetauscher und Ausr\u00fcstung<br>Projektleiter<\/p>\n\n\n\n<p class=\"singleContact\" style=\"font-size:12px\"><a href=\"tel:+41762301280\" data-type=\"tel\" data-id=\"tel:+41762301280\">Tel<\/a> | <a href=\"mailto:liam.decaster@anytherm.com\" data-type=\"mailto\" data-id=\"mailto:liam.decaster@anytherm.com\">Mail<\/a><\/p>\n<\/div>\n<\/div>\n<\/div>\n<\/div>\n\n\n\n<div class=\"wp-block-columns is-layout-flex wp-container-core-columns-is-layout-28f84493 wp-block-columns-is-layout-flex\">\n<div class=\"wp-block-column is-layout-flow wp-block-column-is-layout-flow\">\n<div class=\"wp-block-columns teamBox is-layout-flex wp-container-core-columns-is-layout-28f84493 wp-block-columns-is-layout-flex\">\n<div class=\"wp-block-column is-layout-flow wp-block-column-is-layout-flow\" style=\"flex-basis:60%\">\n<p>Stefano Capstick besitzt einen Master of Science in Maschinenbau mit Auszeichnung der ETH Z\u00fcrich, wo er sich auf Thermodynamik, Energie, Str\u00f6mungen und Prozesse konzentrierte. Bei Anytherm ist Stefano f\u00fcr Energieberatungsprojekte verantwortlich und ber\u00e4t unsere Kunden, wie sie ihre Energieeffizienz wirtschaftlich verbessern und CO<sub>2<\/sub>-Emissionen reduzieren k\u00f6nnen &#8211; z.B. durch die Analyse, wie \u00fcbersch\u00fcssige Prozessw\u00e4rme optimal zur\u00fcckgewonnen werden kann. In seiner Freizeit konzentriert sich Stefano beim Laufen, Radfahren und Gitarrespielen.  <\/p>\n<\/div>\n\n\n\n<div class=\"wp-block-column is-layout-flow wp-block-column-is-layout-flow\" style=\"flex-basis:40%\">\n<div class=\"wp-block-columns is-layout-flex wp-container-core-columns-is-layout-28f84493 wp-block-columns-is-layout-flex\">\n<div class=\"wp-block-column is-layout-flow wp-block-column-is-layout-flow\">\n<figure class=\"wp-block-image aligncenter size-full is-resized teamImage\"><a href=\"mailto:stefano.capstick@anytherm.com\"><img loading=\"lazy\" decoding=\"async\" width=\"155\" height=\"155\" src=\"https:\/\/www.anytherm.com\/wp-content\/uploads\/2024\/08\/Stefan.png\" alt=\"\" class=\"wp-image-3441\" style=\"width:154px\" srcset=\"https:\/\/www.anytherm.com\/wp-content\/uploads\/2024\/08\/Stefan.png 155w, https:\/\/www.anytherm.com\/wp-content\/uploads\/2024\/08\/Stefan-150x150.png 150w\" sizes=\"auto, (max-width: 155px) 100vw, 155px\" \/><\/a><\/figure>\n<\/div>\n\n\n\n<div class=\"wp-block-column teamName is-layout-flow wp-block-column-is-layout-flow\">\n<p><strong>Stefano Capstick<\/strong><\/p>\n\n\n\n<p style=\"font-size:12px\">Energy Consulting and Heat Recovery<br>Energy Consultant \/ Project Manager<br>EC Coordinator<\/p>\n\n\n\n<p class=\"singleContact\" style=\"font-size:12px\"><a href=\"tel:+41782224670\" data-type=\"tel\" data-id=\"tel:+41782224670\">Tel<\/a> | <a href=\"mailto:stefano.capstick@anytherm.com\">Mail<\/a><\/p>\n<\/div>\n<\/div>\n<\/div>\n<\/div>\n<\/div>\n<\/div>\n\n\n\n<div class=\"wp-block-columns teamBox is-layout-flex wp-container-core-columns-is-layout-28f84493 wp-block-columns-is-layout-flex\">\n<div class=\"wp-block-column is-layout-flow wp-block-column-is-layout-flow\" style=\"flex-basis:60%\">\n<p>Anton Eigenheer hat ein HF-Diplom in Betriebswirtschaft und absolviert derzeit einen Bachelor of Science in Betriebswirtschaft (FH). Als gelernter Polymechaniker (EFZ) verf\u00fcgt er zudem \u00fcber einen starken technischen Hintergrund. Anton bringt Berufserfahrung im technischen Vertrieb und Projektmanagement in der industriellen Fertigung mit. Bei Anytherm ist er im Projektmanagement t\u00e4tig und sorgt f\u00fcr die erfolgreiche Umsetzung von Kundenprojekten von der Auftragsannahme bis zur Inbetriebnahme. In seiner Freizeit treibt Anton gerne Sport und pflegt einen aktiven Lebensstil.    <\/p>\n<\/div>\n\n\n\n<div class=\"wp-block-column is-layout-flow wp-block-column-is-layout-flow\" style=\"flex-basis:40%\">\n<div class=\"wp-block-columns is-layout-flex wp-container-core-columns-is-layout-28f84493 wp-block-columns-is-layout-flex\">\n<div class=\"wp-block-column is-layout-flow wp-block-column-is-layout-flow\">\n<figure class=\"wp-block-image aligncenter size-full is-resized teamImage\"><img loading=\"lazy\" decoding=\"async\" width=\"155\" height=\"155\" src=\"https:\/\/www.anytherm.com\/wp-content\/uploads\/2025\/12\/anton-eigenherr-1.png\" alt=\"\" class=\"wp-image-6572\" style=\"width:154px\" srcset=\"https:\/\/www.anytherm.com\/wp-content\/uploads\/2025\/12\/anton-eigenherr-1.png 155w, https:\/\/www.anytherm.com\/wp-content\/uploads\/2025\/12\/anton-eigenherr-1-150x150.png 150w\" sizes=\"auto, (max-width: 155px) 100vw, 155px\" \/><\/figure>\n<\/div>\n\n\n\n<div class=\"wp-block-column teamName is-layout-flow wp-block-column-is-layout-flow\">\n<p><strong>Anton Eigenheer<\/strong><\/p>\n\n\n\n<p style=\"font-size:12px\">W\u00e4rmetauscher und Ausr\u00fcstung<br>Projektleiter<\/p>\n\n\n\n<p class=\"singleContact\" style=\"font-size:12px\"><a href=\"tel:0041782240731\" data-type=\"tel\" data-id=\"tel:0041782240731\">Tel<\/a> | <a href=\"mailto:anton.eigenheer@anytherm.com\">Mail<\/a><\/p>\n<\/div>\n<\/div>\n<\/div>\n<\/div>\n\n\n\n<div class=\"wp-block-columns teamBox is-layout-flex wp-container-core-columns-is-layout-28f84493 wp-block-columns-is-layout-flex\">\n<div class=\"wp-block-column is-layout-flow wp-block-column-is-layout-flow\" style=\"flex-basis:60%\">\n<p>Rita Hogjaj hat einen Bachelor of Science in Maschinenbau. W\u00e4hrend ihres Studiums konzentrierte sich Rita auf Produktentwicklung und Simulation. Neben ihrem akademischen Hintergrund verf\u00fcgt sie \u00fcber praktische Erfahrungen in der Produktion von Werkst\u00fccken, der Pr\u00fcfung von Schwei\u00dfn\u00e4hten und der Optimierung von Qualit\u00e4tssicherungsprozessen. Ihre Freizeit widmet Rita dem Reisen, sie kocht gerne und verbringt Zeit mit Freunden und Familie oder beim Volleyballspielen.   <\/p>\n<\/div>\n\n\n\n<div class=\"wp-block-column is-layout-flow wp-block-column-is-layout-flow\" style=\"flex-basis:40%\">\n<div class=\"wp-block-columns is-layout-flex wp-container-core-columns-is-layout-28f84493 wp-block-columns-is-layout-flex\">\n<div class=\"wp-block-column is-layout-flow wp-block-column-is-layout-flow\">\n<figure class=\"wp-block-image aligncenter size-full is-resized teamImage\"><a href=\"mailto:rita.hogjaj@anytherm.com\"><img loading=\"lazy\" decoding=\"async\" width=\"155\" height=\"156\" src=\"https:\/\/www.anytherm.com\/wp-content\/uploads\/2024\/08\/RitaHogjaj.png\" alt=\"Rita Hogjaj\" class=\"wp-image-3443\" style=\"width:154px\" srcset=\"https:\/\/www.anytherm.com\/wp-content\/uploads\/2024\/08\/RitaHogjaj.png 155w, https:\/\/www.anytherm.com\/wp-content\/uploads\/2024\/08\/RitaHogjaj-150x150.png 150w\" sizes=\"auto, (max-width: 155px) 100vw, 155px\" \/><\/a><\/figure>\n\n\n\n<div style=\"height:7px\" aria-hidden=\"true\" class=\"wp-block-spacer\"><\/div>\n<\/div>\n\n\n\n<div class=\"wp-block-column teamName is-layout-flow wp-block-column-is-layout-flow\">\n<p><strong>Rita Hogjaj<\/strong><\/p>\n\n\n\n<p style=\"font-size:12px\">W\u00e4rmetauscher und Ausr\u00fcstung<br>Projektleiter<\/p>\n\n\n\n<p class=\"singleContact\" style=\"font-size:12px\"><a href=\"tel:+41783402414\">T<\/a><a href=\"http:\/\/+41%2078%20213%2084%2064\">e<\/a><a href=\"tel:+41783402414\">l<\/a> | <a href=\"mailto:rita.hogjaj@anytherm.com\">Mail<\/a><\/p>\n<\/div>\n<\/div>\n<\/div>\n<\/div>\n\n\n\n<div class=\"wp-block-columns teamBox is-layout-flex wp-container-core-columns-is-layout-28f84493 wp-block-columns-is-layout-flex\">\n<div class=\"wp-block-column is-layout-flow wp-block-column-is-layout-flow\" style=\"flex-basis:60%\">\n<p>Benedikt von Manitius hat einen Master of Science in Maschinenbau von der ETH Z\u00fcrich, wo er sich auf die Optimierung und Regelung von Energiesystemen konzentrierte. Bei Anytherm ist Benedikt f\u00fcr Energieberatungsprojekte verantwortlich und ber\u00e4t unsere Kunden, wie sie ihre Energieeffizienz wirtschaftlich verbessern und CO<sub>2-<\/sub>Emissionen reduzieren k\u00f6nnen &#8211; z.B. indem er analysiert, wie \u00fcbersch\u00fcssige Prozessw\u00e4rme optimal zur\u00fcckgewonnen werden kann. In seiner Freizeit ist Benedikt gerne aktiv und treibt Sport. Im Sommer geht er gerne Windsurfen und spielt Tennis, im Winter f\u00e4hrt er Ski und spielt Eishockey.   <\/p>\n<\/div>\n\n\n\n<div class=\"wp-block-column is-layout-flow wp-block-column-is-layout-flow\" style=\"flex-basis:40%\">\n<div class=\"wp-block-columns is-layout-flex wp-container-core-columns-is-layout-28f84493 wp-block-columns-is-layout-flex\">\n<div class=\"wp-block-column is-layout-flow wp-block-column-is-layout-flow\">\n<figure class=\"wp-block-image aligncenter size-full is-resized teamImage\"><a href=\"mailto:benedikt.vonmanitius@anytherm.com\"><img loading=\"lazy\" decoding=\"async\" width=\"155\" height=\"156\" src=\"https:\/\/www.anytherm.com\/wp-content\/uploads\/2024\/08\/BenediktVonManitius.png\" alt=\"Benedikt von Manitius\" class=\"wp-image-3468\" style=\"width:154px\" srcset=\"https:\/\/www.anytherm.com\/wp-content\/uploads\/2024\/08\/BenediktVonManitius.png 155w, https:\/\/www.anytherm.com\/wp-content\/uploads\/2024\/08\/BenediktVonManitius-150x150.png 150w\" sizes=\"auto, (max-width: 155px) 100vw, 155px\" \/><\/a><\/figure>\n<\/div>\n\n\n\n<div class=\"wp-block-column teamName is-layout-flow wp-block-column-is-layout-flow\">\n<p><strong>Benedikt von Manitius<\/strong><\/p>\n\n\n\n<p style=\"font-size:12px\">Energieberatung und W\u00e4rmer\u00fcckgewinnung<br>Energieberater \/ Projektleiter<\/p>\n\n\n\n<p class=\"singleContact\" style=\"font-size:12px\"><a href=\"tel:0041783402414\" data-type=\"tel\" data-id=\"tel:0041783402414\">Tel<\/a> | <a href=\"mailto:benedikt.vonmanitius@anytherm.com\">Mail<\/a><\/p>\n<\/div>\n<\/div>\n<\/div>\n<\/div>\n\n\n\n<div class=\"wp-block-columns teamBox is-layout-flex wp-container-core-columns-is-layout-28f84493 wp-block-columns-is-layout-flex\">\n<div class=\"wp-block-column is-layout-flow wp-block-column-is-layout-flow\" style=\"flex-basis:60%\">\n<p>Marinus Steitz hat einen Master-Abschluss in Energie und Nachhaltigkeit mit einem Hintergrund in Ingenieurwesen und Energiewirtschaft. Er verf\u00fcgt \u00fcber Berufserfahrung in den Bereichen Energieanalyse, Nachhaltigkeitsbewertung und Entwicklung strategischer Energiekonzepte und Energiemanagementsysteme wie ISO 50001. Bei Anytherm ist Marinus im Bereich Energieberatung und Energiemanagement t\u00e4tig und unterst\u00fctzt industrielle und institutionelle Kunden bei der Verbesserung der Energieeffizienz, der Entwicklung von Dekarbonisierungsfahrpl\u00e4nen und der Umsetzung technisch und wirtschaftlich fundierter Optimierungsma\u00dfnahmen. Privat ist Marinus gerne aktiv und treibt verschiedene Sportarten wie Radfahren, Laufen, Schwimmen und Klettern.   <\/p>\n<\/div>\n\n\n\n<div class=\"wp-block-column is-layout-flow wp-block-column-is-layout-flow\" style=\"flex-basis:40%\">\n<div class=\"wp-block-columns is-layout-flex wp-container-core-columns-is-layout-28f84493 wp-block-columns-is-layout-flex\">\n<div class=\"wp-block-column is-layout-flow wp-block-column-is-layout-flow\">\n<figure class=\"wp-block-image aligncenter size-full is-resized teamImage\"><img loading=\"lazy\" decoding=\"async\" width=\"886\" height=\"885\" src=\"https:\/\/www.anytherm.com\/wp-content\/uploads\/2026\/03\/Bild.png\" alt=\"\" class=\"wp-image-7406\" style=\"width:154px\" srcset=\"https:\/\/www.anytherm.com\/wp-content\/uploads\/2026\/03\/Bild.png 886w, https:\/\/www.anytherm.com\/wp-content\/uploads\/2026\/03\/Bild-300x300.png 300w, https:\/\/www.anytherm.com\/wp-content\/uploads\/2026\/03\/Bild-150x150.png 150w, https:\/\/www.anytherm.com\/wp-content\/uploads\/2026\/03\/Bild-768x767.png 768w\" sizes=\"auto, (max-width: 886px) 100vw, 886px\" \/><\/figure>\n<\/div>\n\n\n\n<div class=\"wp-block-column teamName is-layout-flow wp-block-column-is-layout-flow\">\n<p><strong>Marinus Steitz<\/strong><\/p>\n\n\n\n<p style=\"font-size:12px\">Energieberatung und W\u00e4rmer\u00fcckgewinnung<br>Energieberater \/ Projektleiter<\/p>\n\n\n\n<p class=\"singleContact\" style=\"font-size:12px\"><a href=\"tel:0041782332080\">Tel<\/a> | <a href=\"mailto:marinus.steitz@anytherm.com\" data-type=\"mailto\" data-id=\"mailto:marinus.steitz@anytherm.com\">Mail<\/a><\/p>\n<\/div>\n<\/div>\n<\/div>\n<\/div>\n\n\n\n<div class=\"wp-block-columns teamBox is-layout-flex wp-container-core-columns-is-layout-28f84493 wp-block-columns-is-layout-flex\">\n<div class=\"wp-block-column is-layout-flow wp-block-column-is-layout-flow\" style=\"flex-basis:60%\">\n<p>Tomasz Westrych hat einen Master of Science in Maschinenbau und Umwelttechnik mit Spezialisierung auf Heizung, L\u00fcftung und Klimatisierung sowie Reinraumanwendungen. Tomasz verf\u00fcgt \u00fcber mehr als 20 Jahre Berufserfahrung, davon \u00fcber 15 Jahre als Projekt- und Konstruktionsleiter f\u00fcr industrielle Luftbehandlungs- und W\u00e4rmer\u00fcckgewinnungssysteme f\u00fcr die Lebensmittel-\/Milchwirtschaft und weitere Prozessindustrien. Bei Anytherm bringt Tomasz sein fundiertes Know-how als Technologie-, Konstruktions- und Prozessexperte in unser Team und in die Inbetriebnahme unserer weltweiten Projekte ein.  <\/p>\n<\/div>\n\n\n\n<div class=\"wp-block-column is-layout-flow wp-block-column-is-layout-flow\" style=\"flex-basis:40%\">\n<div class=\"wp-block-columns is-layout-flex wp-container-core-columns-is-layout-28f84493 wp-block-columns-is-layout-flex\">\n<div class=\"wp-block-column is-layout-flow wp-block-column-is-layout-flow\">\n<figure class=\"wp-block-image aligncenter size-full is-resized teamImage\"><a href=\"mailto:tomasz.westrych@anytherm.com\"><img loading=\"lazy\" decoding=\"async\" width=\"886\" height=\"886\" src=\"https:\/\/www.anytherm.com\/wp-content\/uploads\/2024\/05\/Tomasz-Westrych_rg.png\" alt=\"Tomasz Westrych\" class=\"wp-image-361\" style=\"width:154px\" srcset=\"https:\/\/www.anytherm.com\/wp-content\/uploads\/2024\/05\/Tomasz-Westrych_rg.png 886w, https:\/\/www.anytherm.com\/wp-content\/uploads\/2024\/05\/Tomasz-Westrych_rg-300x300.png 300w, https:\/\/www.anytherm.com\/wp-content\/uploads\/2024\/05\/Tomasz-Westrych_rg-150x150.png 150w, https:\/\/www.anytherm.com\/wp-content\/uploads\/2024\/05\/Tomasz-Westrych_rg-768x768.png 768w\" sizes=\"auto, (max-width: 886px) 100vw, 886px\" \/><\/a><\/figure>\n<\/div>\n\n\n\n<div class=\"wp-block-column teamName is-layout-flow wp-block-column-is-layout-flow\">\n<p><strong>Tomasz Westrych<\/strong><\/p>\n\n\n\n<p style=\"font-size:12px\">W\u00e4rmetauscher und Ausr\u00fcstung<br>Technologie, Design und Prozessexperte<\/p>\n\n\n\n<p class=\"singleContact\" style=\"font-size:12px\"><a href=\"tel:+41774684327\" data-type=\"tel\" data-id=\"tel:+41774684327\">Tel<\/a> | <a href=\"mailto:tomasz.westrych@anytherm.com\">Mail<\/a><\/p>\n<\/div>\n<\/div>\n<\/div>\n<\/div>\n\n\n<h3 class=\"wp-block-heading\" style=\"font-size:clamp(14px, 0.875rem + ((1vw - 3.2px) * 0.625), 20px);text-transform:uppercase\" id=\"produktions-und-qualitaetsmanagement-detailengineering-produktion\">Produktions- und Qualit\u00e4tsmanagement | Detail-Engineering | PRODUKTION<\/h3>\n\n\n<div class=\"wp-block-columns teamBox is-layout-flex wp-container-core-columns-is-layout-28f84493 wp-block-columns-is-layout-flex\">\n<div class=\"wp-block-column is-layout-flow wp-block-column-is-layout-flow\" style=\"flex-basis:60%\">\n<p>Nermin Beganovic verf\u00fcgt \u00fcber umfangreiche F\u00fchrungserfahrung im Produktions- und Teammanagement, die er in verschiedenen Funktionen in der Industrie gesammelt hat &#8211; unter anderem als Executive Director of Technology and QA, Head of Technology und Head of PM &amp; Technology Department. Er ist ausgebildeter Maschinenbauingenieur und zertifizierter ISO 9001 Lead Auditor, mit einem starken Fokus auf praktische Umsetzung, Prozesssicherheit und Qualit\u00e4tssicherung. Nermin sorgt daf\u00fcr, dass unsere Edelstahltauscher und -anlagen nach den h\u00f6chsten Standards gefertigt werden &#8211; zuverl\u00e4ssig und termingerecht. Au\u00dferhalb der Arbeit verbringt er gerne Zeit mit seiner Familie und in der Natur.   <\/p>\n<\/div>\n\n\n\n<div class=\"wp-block-column is-layout-flow wp-block-column-is-layout-flow\" style=\"flex-basis:40%\">\n<div class=\"wp-block-columns is-layout-flex wp-container-core-columns-is-layout-28f84493 wp-block-columns-is-layout-flex\">\n<div class=\"wp-block-column is-layout-flow wp-block-column-is-layout-flow\">\n<figure class=\"wp-block-image aligncenter size-full is-resized teamImage\"><a href=\"mailto:nermin.beganovic@anytherm.com\"><img loading=\"lazy\" decoding=\"async\" width=\"155\" height=\"155\" src=\"https:\/\/www.anytherm.com\/wp-content\/uploads\/2025\/07\/nerminBeganovic.png\" alt=\" Nermin Beganovic \" class=\"wp-image-6226\" style=\"width:154px\" srcset=\"https:\/\/www.anytherm.com\/wp-content\/uploads\/2025\/07\/nerminBeganovic.png 155w, https:\/\/www.anytherm.com\/wp-content\/uploads\/2025\/07\/nerminBeganovic-150x150.png 150w\" sizes=\"auto, (max-width: 155px) 100vw, 155px\" \/><\/a><\/figure>\n<\/div>\n\n\n\n<div class=\"wp-block-column teamName is-layout-flow wp-block-column-is-layout-flow\">\n<p><strong>Nermin Beganovic<\/strong><\/p>\n\n\n\n<p style=\"font-size:12px\">Gesch\u00e4ftsf\u00fchrer BH<\/p>\n\n\n\n<p class=\"singleContact\" style=\"font-size:12px\"><a href=\"mailto:nermin.beganovic@anytherm.com\">Mail<\/a><\/p>\n<\/div>\n<\/div>\n<\/div>\n<\/div>\n\n\n\n<div class=\"wp-block-columns teamBox is-layout-flex wp-container-core-columns-is-layout-28f84493 wp-block-columns-is-layout-flex\">\n<div class=\"wp-block-column is-layout-flow wp-block-column-is-layout-flow\" style=\"flex-basis:60%\">\n<p>Lejla Deli\u0107 ist diplomierte Maschinenbauingenieurin und besitzt ein Zertifikat f\u00fcr Schwei\u00dftechnik als International Welding Engineer (IWE). W\u00e4hrend ihres Studiums konzentrierte sie sich auf die Konstruktion von technischen Produkten, wo sie erkannte, dass der Maschinenbau wirklich ihre Berufung ist. Sie verf\u00fcgt \u00fcber langj\u00e4hrige Erfahrung in den Bereichen technisches Management, Qualit\u00e4tsmanagement und Gesundheit &amp; Sicherheit. Bei Anytherm arbeitet sie als technische Betriebsleiterin und IWE, wobei sie haupts\u00e4chlich das Konstruktionsteam und die Produktionsplanung leitet. Sie glaubt, dass die beste Freizeit die Zeit mit ihrer Familie ist, die sie mit Reisen und vielen lustigen Spielen verbringt.    <\/p>\n<\/div>\n\n\n\n<div class=\"wp-block-column is-layout-flow wp-block-column-is-layout-flow\" style=\"flex-basis:40%\">\n<div class=\"wp-block-columns is-layout-flex wp-container-core-columns-is-layout-28f84493 wp-block-columns-is-layout-flex\">\n<div class=\"wp-block-column is-layout-flow wp-block-column-is-layout-flow\">\n<figure class=\"wp-block-image aligncenter size-full is-resized teamImage\"><a href=\"mailto:lejla.delic@anytherm.com\"><img loading=\"lazy\" decoding=\"async\" width=\"153\" height=\"153\" src=\"https:\/\/www.anytherm.com\/wp-content\/uploads\/2025\/07\/leijladelic.png\" alt=\"Lejla Delic\" class=\"wp-image-6228\" style=\"width:154px\" srcset=\"https:\/\/www.anytherm.com\/wp-content\/uploads\/2025\/07\/leijladelic.png 153w, https:\/\/www.anytherm.com\/wp-content\/uploads\/2025\/07\/leijladelic-150x150.png 150w\" sizes=\"auto, (max-width: 153px) 100vw, 153px\" \/><\/a><\/figure>\n<\/div>\n\n\n\n<div class=\"wp-block-column teamName is-layout-flow wp-block-column-is-layout-flow\">\n<p><strong>Lejlja Delic<\/strong><\/p>\n\n\n\n<p style=\"font-size:12px\">Technischer Leiter BH<br>Internationaler Schwei\u00dffachingenieur (IWE)<br><\/p>\n\n\n\n<p class=\"singleContact\" style=\"font-size:12px\"><a href=\"mailto:lejla.delic@anytherm.com\">Mail<\/a><\/p>\n<\/div>\n<\/div>\n<\/div>\n<\/div>\n\n\n\n<div class=\"wp-block-columns teamBox is-layout-flex wp-container-core-columns-is-layout-28f84493 wp-block-columns-is-layout-flex\">\n<div class=\"wp-block-column is-layout-flow wp-block-column-is-layout-flow\" style=\"flex-basis:60%\">\n<p>Alem Merdi\u0107 hat einen Abschluss als Maschinenbauingenieur und verf\u00fcgt \u00fcber Zertifikate in der Schwei\u00dftechnik wie Schwei\u00dfingenieur und Internationaler Schwei\u00dfinspektor (IWI-C\/IWE). Er hat viele Jahre Berufserfahrung als Prozess- und Produktionsingenieur, Leiter der Schwei\u00dfabteilung, Leiter der Qualit\u00e4tssicherung und Qualit\u00e4tskontrolle. Bei Anytherm sorgt Alem f\u00fcr Effizienz und Qualit\u00e4t innerhalb unserer Fertigungsprozesse und h\u00e4lt sich dabei an ISO9001, EN3834-2 und AD2000 HP0 sowie an andere Schwei\u00df- und Qualit\u00e4tsstandards. Alem ist verheiratet und Vater eines Kindes. Alem liebt es, Zeit mit seiner Familie und Freunden zu verbringen, Tennis zu spielen oder Ski zu fahren.    <\/p>\n<\/div>\n\n\n\n<div class=\"wp-block-column is-layout-flow wp-block-column-is-layout-flow\" style=\"flex-basis:40%\">\n<div class=\"wp-block-columns is-layout-flex wp-container-core-columns-is-layout-28f84493 wp-block-columns-is-layout-flex\">\n<div class=\"wp-block-column is-layout-flow wp-block-column-is-layout-flow\">\n<figure class=\"wp-block-image aligncenter size-full is-resized teamImage\"><a href=\"mailto:alem.merdic@anytherm.com\"><img loading=\"lazy\" decoding=\"async\" width=\"567\" height=\"567\" src=\"https:\/\/www.anytherm.com\/wp-content\/uploads\/2024\/05\/Alem-Merdic_rg.png\" alt=\"\" class=\"wp-image-407\" style=\"width:154px\" srcset=\"https:\/\/www.anytherm.com\/wp-content\/uploads\/2024\/05\/Alem-Merdic_rg.png 567w, https:\/\/www.anytherm.com\/wp-content\/uploads\/2024\/05\/Alem-Merdic_rg-300x300.png 300w, https:\/\/www.anytherm.com\/wp-content\/uploads\/2024\/05\/Alem-Merdic_rg-150x150.png 150w\" sizes=\"auto, (max-width: 567px) 100vw, 567px\" \/><\/a><\/figure>\n<\/div>\n\n\n\n<div class=\"wp-block-column teamName is-layout-flow wp-block-column-is-layout-flow\">\n<p><strong>Alem Merdic<\/strong><\/p>\n\n\n\n<p style=\"font-size:12px\">Internationaler Schwei\u00dffachingenieur (IWI-C\/IWE)<\/p>\n\n\n\n<p class=\"singleContact\" style=\"font-size:12px\"><a href=\"mailto:alem.merdic@anytherm.com\">Mail<\/a><\/p>\n<\/div>\n<\/div>\n<\/div>\n<\/div>\n\n\n\n<div class=\"wp-block-columns teamBox is-layout-flex wp-container-core-columns-is-layout-28f84493 wp-block-columns-is-layout-flex\">\n<div class=\"wp-block-column is-layout-flow wp-block-column-is-layout-flow\" style=\"flex-basis:60%\">\n<p class=\"teamBox\">Edin Brki\u0107 hat einen Bachelor of Science in Maschinenbau. W\u00e4hrend seines Studiums konzentrierte er sich auf die Instandhaltung. Dar\u00fcber hinaus hat Edin eine Leidenschaft f\u00fcr Design und 3D-Modellierung und treibt Kreativit\u00e4t und Innovation im Maschinenbau voran. Bei Anytherm ist Edin f\u00fcr die Qualit\u00e4tssicherung w\u00e4hrend der Produktion und die abschlie\u00dfende Qualit\u00e4tskontrolle verantwortlich. Dar\u00fcber hinaus ist er f\u00fcr das Lager, die Chargenr\u00fcckverfolgung und das Lagermaterial zust\u00e4ndig. In seiner Freizeit spielt er gerne Fu\u00dfball und geht wandern, um in den Wundern der Natur Ruhe zu finden.     <\/p>\n<\/div>\n\n\n\n<div class=\"wp-block-column is-layout-flow wp-block-column-is-layout-flow\" style=\"flex-basis:40%\">\n<div class=\"wp-block-columns is-layout-flex wp-container-core-columns-is-layout-28f84493 wp-block-columns-is-layout-flex\">\n<div class=\"wp-block-column is-layout-flow wp-block-column-is-layout-flow\">\n<figure class=\"wp-block-image aligncenter size-full is-resized teamImage\"><a href=\"mailto:edin.brkic@anytherm.com\"><img loading=\"lazy\" decoding=\"async\" width=\"565\" height=\"567\" src=\"https:\/\/www.anytherm.com\/wp-content\/uploads\/2024\/05\/Edin-Brkic_rg.png\" alt=\"\" class=\"wp-image-395\" style=\"width:154px\" srcset=\"https:\/\/www.anytherm.com\/wp-content\/uploads\/2024\/05\/Edin-Brkic_rg.png 565w, https:\/\/www.anytherm.com\/wp-content\/uploads\/2024\/05\/Edin-Brkic_rg-300x300.png 300w, https:\/\/www.anytherm.com\/wp-content\/uploads\/2024\/05\/Edin-Brkic_rg-150x150.png 150w\" sizes=\"auto, (max-width: 565px) 100vw, 565px\" \/><\/a><\/figure>\n<\/div>\n\n\n\n<div class=\"wp-block-column teamName is-layout-flow wp-block-column-is-layout-flow\">\n<p class=\"has-medium-font-size\"><strong>Edin Brkic<\/strong><\/p>\n\n\n\n<p style=\"font-size:12px\">Technische Projektleitung<br>Maschinenbauingenieur<\/p>\n\n\n\n<p class=\"singleContact\" style=\"font-size:12px\"><a href=\"mailto:edin.brkic@anytherm.com\">Mail<\/a><\/p>\n<\/div>\n<\/div>\n<\/div>\n<\/div>\n\n\n\n<div class=\"wp-block-columns teamBox is-layout-flex wp-container-core-columns-is-layout-28f84493 wp-block-columns-is-layout-flex\">\n<div class=\"wp-block-column is-layout-flow wp-block-column-is-layout-flow\" style=\"flex-basis:60%\">\n<p>Mario \u010cori\u0107 hat einen Master of Science in Maschinenbau. W\u00e4hrend seines Studiums konzentrierte er sich auf 3D-Design und Produktion. Im Rahmen seiner Berufserfahrung erwarb er praktisches Know-how im Projektmanagement und in der Detailkonstruktion. Bei Anytherm arbeitet Mario im technischen Projektmanagement und stellt sicher, dass das CAD-Design optimal ist und die Projekte in h\u00f6chster Qualit\u00e4t und termingerecht produziert werden. In seiner Freizeit verbringt er gerne Zeit mit Familie und Freunden und arbeitet in der Landwirtschaft.    <\/p>\n<\/div>\n\n\n\n<div class=\"wp-block-column is-layout-flow wp-block-column-is-layout-flow\" style=\"flex-basis:40%\">\n<div class=\"wp-block-columns is-layout-flex wp-container-core-columns-is-layout-28f84493 wp-block-columns-is-layout-flex\">\n<div class=\"wp-block-column is-layout-flow wp-block-column-is-layout-flow\">\n<figure class=\"wp-block-image aligncenter size-full is-resized teamImage\"><a href=\"mailto:mario.coric@anytherm.com\"><img loading=\"lazy\" decoding=\"async\" width=\"1939\" height=\"1949\" src=\"https:\/\/www.anytherm.com\/wp-content\/uploads\/2024\/05\/Mario-Coric_rg.png\" alt=\"\" class=\"wp-image-377\" style=\"width:154px\" srcset=\"https:\/\/www.anytherm.com\/wp-content\/uploads\/2024\/05\/Mario-Coric_rg.png 1939w, https:\/\/www.anytherm.com\/wp-content\/uploads\/2024\/05\/Mario-Coric_rg-298x300.png 298w, https:\/\/www.anytherm.com\/wp-content\/uploads\/2024\/05\/Mario-Coric_rg-1019x1024.png 1019w, https:\/\/www.anytherm.com\/wp-content\/uploads\/2024\/05\/Mario-Coric_rg-150x150.png 150w, https:\/\/www.anytherm.com\/wp-content\/uploads\/2024\/05\/Mario-Coric_rg-768x772.png 768w, https:\/\/www.anytherm.com\/wp-content\/uploads\/2024\/05\/Mario-Coric_rg-1528x1536.png 1528w\" sizes=\"auto, (max-width: 1939px) 100vw, 1939px\" \/><\/a><\/figure>\n\n\n\n<div style=\"height:7px\" aria-hidden=\"true\" class=\"wp-block-spacer\"><\/div>\n<\/div>\n\n\n\n<div class=\"wp-block-column teamName is-layout-flow wp-block-column-is-layout-flow\">\n<p><strong>Mario Coric<\/strong><\/p>\n\n\n\n<p style=\"font-size:12px\">Technische Projektleitung<br>Maschinenbauingenieur<\/p>\n\n\n\n<p class=\"singleContact\" style=\"font-size:12px\"><a href=\"mailto:mario.coric@anytherm.com\">Mail<\/a><\/p>\n<\/div>\n<\/div>\n<\/div>\n<\/div>\n\n\n\n<div class=\"wp-block-columns teamBox is-layout-flex wp-container-core-columns-is-layout-28f84493 wp-block-columns-is-layout-flex\">\n<div class=\"wp-block-column is-layout-flow wp-block-column-is-layout-flow\" style=\"flex-basis:60%\">\n<p>Ernad Haski\u0107 hat einen Bachelor of Science in Maschinenbau. W\u00e4hrend seines Studiums analysierte er die Optimierung von Windturbinen, Industrieplattformen und Quadcoptern und erwarb F\u00e4higkeiten f\u00fcr Computersimulationen wie Str\u00f6mung, Spannungszustand, Kunststoffspritzguss und Blechbiegen. Er arbeitete auch an der Anwendung von CAM-Modulen zur Erstellung von Steuercodes f\u00fcr CNC-Maschinen. Bei Anytherm arbeitet Ernad in der technischen Projektleitung. In seiner Freizeit reist er gerne, liest B\u00fccher und zeichnet Skizzen.    <\/p>\n<\/div>\n\n\n\n<div class=\"wp-block-column is-layout-flow wp-block-column-is-layout-flow\" style=\"flex-basis:40%\">\n<div class=\"wp-block-columns is-layout-flex wp-container-core-columns-is-layout-28f84493 wp-block-columns-is-layout-flex\">\n<div class=\"wp-block-column is-layout-flow wp-block-column-is-layout-flow\">\n<figure class=\"wp-block-image aligncenter size-full is-resized teamImage\"><a href=\"mailto:ernad.haskic@anytherm.com\"><img loading=\"lazy\" decoding=\"async\" width=\"1946\" height=\"1949\" src=\"https:\/\/www.anytherm.com\/wp-content\/uploads\/2024\/05\/Ernad-Haskic_rg.png\" alt=\"\" class=\"wp-image-391\" style=\"width:154px\" srcset=\"https:\/\/www.anytherm.com\/wp-content\/uploads\/2024\/05\/Ernad-Haskic_rg.png 1946w, https:\/\/www.anytherm.com\/wp-content\/uploads\/2024\/05\/Ernad-Haskic_rg-300x300.png 300w, https:\/\/www.anytherm.com\/wp-content\/uploads\/2024\/05\/Ernad-Haskic_rg-1022x1024.png 1022w, https:\/\/www.anytherm.com\/wp-content\/uploads\/2024\/05\/Ernad-Haskic_rg-150x150.png 150w, https:\/\/www.anytherm.com\/wp-content\/uploads\/2024\/05\/Ernad-Haskic_rg-768x769.png 768w, https:\/\/www.anytherm.com\/wp-content\/uploads\/2024\/05\/Ernad-Haskic_rg-1534x1536.png 1534w\" sizes=\"auto, (max-width: 1946px) 100vw, 1946px\" \/><\/a><\/figure>\n<\/div>\n\n\n\n<div class=\"wp-block-column teamName is-layout-flow wp-block-column-is-layout-flow\">\n<p><strong>Ernad Haskic<\/strong><\/p>\n\n\n\n<p style=\"font-size:12px\">Technische Projektleitung<br>Maschinenbauingenieur<\/p>\n\n\n\n<p class=\"singleContact\" style=\"font-size:12px\"><a href=\"mailto:ernad.haskic@anytherm.com\">Mail<\/a><\/p>\n<\/div>\n<\/div>\n<\/div>\n<\/div>\n\n\n\n<div class=\"wp-block-columns teamBox is-layout-flex wp-container-core-columns-is-layout-28f84493 wp-block-columns-is-layout-flex\">\n<div class=\"wp-block-column is-layout-flow wp-block-column-is-layout-flow\" style=\"flex-basis:60%\">\n<p>Ajdin Kasumovi\u0107 ist ein qualifizierter Schwei\u00dffachmann mit umfangreicher Erfahrung im Schwei\u00dfen von Stahlkonstruktionen aus Edelstahl und anderen Stahlprodukten. Bei Anytherm ist Ajdin Kasumovi\u0107 f\u00fcr das Produktionsmanagement und als zertifizierter Schwei\u00dffachmann zust\u00e4ndig. In seiner Freizeit verbringt der dreifache Familienvater gerne Zeit mit seiner Familie und Freunden.  <\/p>\n<\/div>\n\n\n\n<div class=\"wp-block-column is-layout-flow wp-block-column-is-layout-flow\" style=\"flex-basis:40%\">\n<div class=\"wp-block-columns is-layout-flex wp-container-core-columns-is-layout-28f84493 wp-block-columns-is-layout-flex\">\n<div class=\"wp-block-column is-layout-flow wp-block-column-is-layout-flow\">\n<figure class=\"wp-block-image aligncenter size-full is-resized teamImage\"><a href=\"mailto:ajdin.kasumovic@anytherm.com\"><img loading=\"lazy\" decoding=\"async\" width=\"567\" height=\"567\" src=\"https:\/\/www.anytherm.com\/wp-content\/uploads\/2024\/05\/Ajdin-Kasumovic_rg.png\" alt=\"\" class=\"wp-image-411\" style=\"width:154px\" srcset=\"https:\/\/www.anytherm.com\/wp-content\/uploads\/2024\/05\/Ajdin-Kasumovic_rg.png 567w, https:\/\/www.anytherm.com\/wp-content\/uploads\/2024\/05\/Ajdin-Kasumovic_rg-300x300.png 300w, https:\/\/www.anytherm.com\/wp-content\/uploads\/2024\/05\/Ajdin-Kasumovic_rg-150x150.png 150w\" sizes=\"auto, (max-width: 567px) 100vw, 567px\" \/><\/a><\/figure>\n\n\n\n<div style=\"height:7px\" aria-hidden=\"true\" class=\"wp-block-spacer\"><\/div>\n<\/div>\n\n\n\n<div class=\"wp-block-column teamName is-layout-flow wp-block-column-is-layout-flow\">\n<p><strong>Ajdin Kasumovic<\/strong><\/p>\n\n\n\n<p style=\"font-size:12px\">Produktionsleitung<br>Spezialist f\u00fcr Schwei\u00dfen<\/p>\n\n\n\n<p class=\"singleContact\" style=\"font-size:12px\"><a href=\"mailto:ajdin.kasumovic@anytherm.com\">Mail<\/a><\/p>\n<\/div>\n<\/div>\n<\/div>\n<\/div>\n\n\n\n<div class=\"wp-block-columns teamBox is-layout-flex wp-container-core-columns-is-layout-28f84493 wp-block-columns-is-layout-flex\">\n<div class=\"wp-block-column is-layout-flow wp-block-column-is-layout-flow\" style=\"flex-basis:60%\">\n<p>Vedad Mahmi\u0107 hat einen Bachelor of Science in Maschinenbau. Er bringt Berufserfahrung als CNC-Programmierer, Bediener von 5-Achsen-Fr\u00e4smaschinen, 3D-Designer und als Qualit\u00e4tskontrolleur mit. Bei Anytherm arbeitet Vedad als Produktionsingenieur und sorgt f\u00fcr die Organisation und das Management der Produktion sowie f\u00fcr eine reibungslose Kommunikation und Organisation zwischen Technik und Produktion. In seiner Freizeit verbringt Vedad gerne Zeit mit Familie und Freunden und hat eine Leidenschaft f\u00fcr Autos und Motorr\u00e4der.   <\/p>\n<\/div>\n\n\n\n<div class=\"wp-block-column is-layout-flow wp-block-column-is-layout-flow\" style=\"flex-basis:40%\">\n<div class=\"wp-block-columns is-layout-flex wp-container-core-columns-is-layout-28f84493 wp-block-columns-is-layout-flex\">\n<div class=\"wp-block-column is-layout-flow wp-block-column-is-layout-flow\">\n<figure class=\"wp-block-image aligncenter size-full is-resized teamImage\"><a href=\"mailto:vedad.mahmic@anytherm.com\"><img loading=\"lazy\" decoding=\"async\" width=\"566\" height=\"567\" src=\"https:\/\/www.anytherm.com\/wp-content\/uploads\/2024\/05\/Vedad-Mahmic_rg.png\" alt=\"\" class=\"wp-image-357\" style=\"width:154px\" srcset=\"https:\/\/www.anytherm.com\/wp-content\/uploads\/2024\/05\/Vedad-Mahmic_rg.png 566w, https:\/\/www.anytherm.com\/wp-content\/uploads\/2024\/05\/Vedad-Mahmic_rg-300x300.png 300w, https:\/\/www.anytherm.com\/wp-content\/uploads\/2024\/05\/Vedad-Mahmic_rg-150x150.png 150w\" sizes=\"auto, (max-width: 566px) 100vw, 566px\" \/><\/a><\/figure>\n<\/div>\n\n\n\n<div class=\"wp-block-column teamName is-layout-flow wp-block-column-is-layout-flow\">\n<p><strong>Vedad Mahmic<\/strong><\/p>\n\n\n\n<p style=\"font-size:12px\">Produktionsvorbereitung und -planung<br>Qualit\u00e4tssicherung<br>Maschinenbauingenieur<\/p>\n\n\n\n<p class=\"singleContact\" style=\"font-size:12px\"><a href=\"mailto:vedad.mahmic@anytherm.com\">Mail<\/a><\/p>\n<\/div>\n<\/div>\n<\/div>\n<\/div>\n\n\n\n<div class=\"wp-block-columns teamBox is-layout-flex wp-container-core-columns-is-layout-28f84493 wp-block-columns-is-layout-flex\">\n<div class=\"wp-block-column is-layout-flow wp-block-column-is-layout-flow\" style=\"flex-basis:60%\">\n<p>Wir k\u00f6nnen auf zahlreiche, gut ausgebildete und erfahrene Konstrukteure und Zeichner zur\u00fcckgreifen, die f\u00fcr das Detail-Engineering \/ technische Zeichnungen unserer W\u00e4rmetausch- und W\u00e4rmer\u00fcckgewinnungsanlagen verantwortlich sind. Dar\u00fcber hinaus ist das Detail-Engineering in der Lage, spezielle Aufgaben wie Festigkeitsberechnungen oder die Auslegung nach Erdbebensicherheitsrichtlinien durchzuf\u00fchren. <\/p>\n<\/div>\n\n\n\n<div class=\"wp-block-column is-layout-flow wp-block-column-is-layout-flow\" style=\"flex-basis:40%\">\n<div class=\"wp-block-columns is-layout-flex wp-container-core-columns-is-layout-28f84493 wp-block-columns-is-layout-flex\">\n<div class=\"wp-block-column is-layout-flow wp-block-column-is-layout-flow\">\n<figure class=\"wp-block-image aligncenter size-full is-resized teamImage\"><img loading=\"lazy\" decoding=\"async\" width=\"566\" height=\"567\" src=\"https:\/\/www.anytherm.com\/wp-content\/uploads\/2024\/05\/Engineering_rg.png\" alt=\"\" class=\"wp-image-393\" style=\"width:154px\" srcset=\"https:\/\/www.anytherm.com\/wp-content\/uploads\/2024\/05\/Engineering_rg.png 566w, https:\/\/www.anytherm.com\/wp-content\/uploads\/2024\/05\/Engineering_rg-300x300.png 300w, https:\/\/www.anytherm.com\/wp-content\/uploads\/2024\/05\/Engineering_rg-150x150.png 150w\" sizes=\"auto, (max-width: 566px) 100vw, 566px\" \/><\/figure>\n\n\n\n<div style=\"height:7px\" aria-hidden=\"true\" class=\"wp-block-spacer\"><\/div>\n<\/div>\n\n\n\n<div class=\"wp-block-column teamName is-layout-flow wp-block-column-is-layout-flow\">\n<p><strong>Detail-Engineering<\/strong><\/p>\n\n\n\n<p style=\"font-size:12px\">Bauingenieure, Bauzeichner<\/p>\n<\/div>\n<\/div>\n<\/div>\n<\/div>\n\n\n\n<div class=\"wp-block-columns teamBox is-layout-flex wp-container-core-columns-is-layout-28f84493 wp-block-columns-is-layout-flex\">\n<div class=\"wp-block-column is-layout-flow wp-block-column-is-layout-flow\" style=\"flex-basis:60%\">\n<p>Unsere Produkte werden in modern ausgestatteten Werkst\u00e4tten in Europa hergestellt. Die zertifizierten Produktionsst\u00e4tten sind spezialisiert auf Blechbearbeitung und Schwei\u00dfen von hochwertigen Edelstahlmaterialien. Wir k\u00f6nnen auf mehr als 250 gut ausgebildete Produktionsmitarbeiter zur\u00fcckgreifen und sind in der Lage, Service- und Montagearbeiten f\u00fcr unsere Produkte weltweit anzubieten und zu koordinieren.  <\/p>\n<\/div>\n\n\n\n<div class=\"wp-block-column is-layout-flow wp-block-column-is-layout-flow\" style=\"flex-basis:40%\">\n<div class=\"wp-block-columns is-layout-flex wp-container-core-columns-is-layout-28f84493 wp-block-columns-is-layout-flex\">\n<div class=\"wp-block-column is-layout-flow wp-block-column-is-layout-flow\">\n<figure class=\"wp-block-image aligncenter size-full is-resized teamImage\"><img loading=\"lazy\" decoding=\"async\" width=\"567\" height=\"567\" src=\"https:\/\/www.anytherm.com\/wp-content\/uploads\/2024\/05\/welders_rg.png\" alt=\"\" class=\"wp-image-355\" style=\"width:154px\" srcset=\"https:\/\/www.anytherm.com\/wp-content\/uploads\/2024\/05\/welders_rg.png 567w, https:\/\/www.anytherm.com\/wp-content\/uploads\/2024\/05\/welders_rg-300x300.png 300w, https:\/\/www.anytherm.com\/wp-content\/uploads\/2024\/05\/welders_rg-150x150.png 150w\" sizes=\"auto, (max-width: 567px) 100vw, 567px\" \/><\/figure>\n<\/div>\n\n\n\n<div class=\"wp-block-column teamName is-layout-flow wp-block-column-is-layout-flow\">\n<p><strong>Produktion<\/strong><\/p>\n\n\n\n<p style=\"font-size:12px\">Blechbearbeitung, Schwei\u00dfen, Qualit\u00e4tsmanagement, Installationen <\/p>\n\n\n\n<div class=\"wp-block-buttons is-layout-flex wp-block-buttons-is-layout-flex\">\n<div class=\"wp-block-button\"><a class=\"wp-block-button__link has-contrast-2-background-color has-background wp-element-button\" href=\"https:\/\/www.anytherm.com\/de\/ueber-uns\/standorte\/\" style=\"border-radius:32px\">Produktionsst\u00e4tten<\/a><\/div>\n<\/div>\n<\/div>\n<\/div>\n<\/div>\n<\/div>\n\n\n<h3 class=\"wp-block-heading\" style=\"font-size:clamp(14px, 0.875rem + ((1vw - 3.2px) * 0.625), 20px);text-transform:uppercase\" id=\"administration-und-buchhaltung\">Administration und Buchhaltung<\/h3>\n\n\n<p><em>Ihr erster Ansprechpartner f\u00fcr administrative und allgemeine Anfragen: E-Mail: info@anytherm.com, Tel: +41 78 722 2200.<\/em><br><em>Oder kontaktieren Sie uns direkt per E-Mail, indem Sie auf das Portraitbild klicken.<\/em><\/p>\n\n\n\n<div class=\"wp-block-columns teamBox is-layout-flex wp-container-core-columns-is-layout-28f84493 wp-block-columns-is-layout-flex\">\n<div class=\"wp-block-column is-layout-flow wp-block-column-is-layout-flow\" style=\"flex-basis:60%\">\n<p>Yvonne Haj Taieb verf\u00fcgt \u00fcber eine eidgen\u00f6ssische kaufm\u00e4nnische Ausbildung mit langj\u00e4hriger Berufserfahrung in der Buchhaltung sowie in der Personal- und Projektadministration. Als Teil unseres Administrationsteams ist Yvonne f\u00fcr die administrative Projektabwicklung sowie f\u00fcr Buchhaltungs- und Marketingaktivit\u00e4ten zust\u00e4ndig. Neben ihrer verantwortungsvollen T\u00e4tigkeit verbringt Yvonne gerne Zeit mit ihrer Familie und Freunden.  <\/p>\n<\/div>\n\n\n\n<div class=\"wp-block-column is-layout-flow wp-block-column-is-layout-flow\" style=\"flex-basis:40%\">\n<div class=\"wp-block-columns is-layout-flex wp-container-core-columns-is-layout-28f84493 wp-block-columns-is-layout-flex\">\n<div class=\"wp-block-column is-layout-flow wp-block-column-is-layout-flow\">\n<figure class=\"wp-block-image aligncenter size-full is-resized teamImage\"><a href=\"mailto:yvonne.hajtaieb@anytherm.com\"><img loading=\"lazy\" decoding=\"async\" width=\"707\" height=\"708\" src=\"https:\/\/www.anytherm.com\/wp-content\/uploads\/2024\/05\/Yvonne-Haj-Taieb_rg.png\" alt=\"\" class=\"wp-image-351\" style=\"width:154px\" srcset=\"https:\/\/www.anytherm.com\/wp-content\/uploads\/2024\/05\/Yvonne-Haj-Taieb_rg.png 707w, https:\/\/www.anytherm.com\/wp-content\/uploads\/2024\/05\/Yvonne-Haj-Taieb_rg-300x300.png 300w, https:\/\/www.anytherm.com\/wp-content\/uploads\/2024\/05\/Yvonne-Haj-Taieb_rg-150x150.png 150w\" sizes=\"auto, (max-width: 707px) 100vw, 707px\" \/><\/a><\/figure>\n\n\n\n<div style=\"height:7px\" aria-hidden=\"true\" class=\"wp-block-spacer\"><\/div>\n<\/div>\n\n\n\n<div class=\"wp-block-column teamName is-layout-flow wp-block-column-is-layout-flow\">\n<p><strong>Yvonne Haj Taieb<\/strong><\/p>\n\n\n\n<p style=\"font-size:12px\">Leitung Administration<\/p>\n\n\n\n<p class=\"singleContact\" style=\"font-size:12px\"><a href=\"tel:+41782100091\">Tel<\/a> | <a href=\"mailto:yvonne.hajtaieb@anytherm.com\">Mail<\/a><\/p>\n<\/div>\n<\/div>\n<\/div>\n<\/div>\n\n\n\n<div class=\"wp-block-columns teamBox is-layout-flex wp-container-core-columns-is-layout-28f84493 wp-block-columns-is-layout-flex\">\n<div class=\"wp-block-column is-layout-flow wp-block-column-is-layout-flow\" style=\"flex-basis:60%\">\n<p>Jamiro Floridia hat eine staatlich anerkannte Ausbildung zum Kaufmann im Bereich Betriebswirtschaft absolviert. Als Teil unseres Verwaltungsteams unterst\u00fctzt Jamiro uns in verschiedenen Bereichen wie Buchhaltung, Marketing und Personalwesen. Au\u00dferdem ist er an der administrativen Abwicklung von Kundenprojekten beteiligt und hilft bei der Koordination der Logistik zwischen unseren Standorten. Mit seiner strukturierten und zuverl\u00e4ssigen Arbeitsweise sorgt er daf\u00fcr, dass hinter den Kulissen alles reibungslos l\u00e4uft. Au\u00dferhalb der Arbeit treibt Jamiro gerne Sport wie Boxen und Calisthenics und sch\u00e4tzt die Zeit mit seiner Familie und seinen Freunden.    <\/p>\n<\/div>\n\n\n\n<div class=\"wp-block-column is-layout-flow wp-block-column-is-layout-flow\" style=\"flex-basis:40%\">\n<div class=\"wp-block-columns is-layout-flex wp-container-core-columns-is-layout-28f84493 wp-block-columns-is-layout-flex\">\n<div class=\"wp-block-column is-layout-flow wp-block-column-is-layout-flow\">\n<figure class=\"wp-block-image aligncenter size-full is-resized teamImage\"><a href=\"jamiro.floridia@anytherm.com\"><img loading=\"lazy\" decoding=\"async\" width=\"154\" height=\"154\" src=\"https:\/\/www.anytherm.com\/wp-content\/uploads\/2026\/02\/second_image_circular.png\" alt=\"\" class=\"wp-image-7228\" style=\"width:154px\" srcset=\"https:\/\/www.anytherm.com\/wp-content\/uploads\/2026\/02\/second_image_circular.png 154w, https:\/\/www.anytherm.com\/wp-content\/uploads\/2026\/02\/second_image_circular-150x150.png 150w\" sizes=\"auto, (max-width: 154px) 100vw, 154px\" \/><\/a><\/figure>\n<\/div>\n\n\n\n<div class=\"wp-block-column teamName is-layout-flow wp-block-column-is-layout-flow\">\n<p><strong>Jamiro Floridia<\/strong><\/p>\n\n\n\n<p style=\"font-size:12px\">Administration und Marketing<\/p>\n\n\n\n<p class=\"singleContact\" style=\"font-size:12px\"><a href=\"tel:0041782609088\">Tel<\/a> | <a href=\"mailto:jamiro.floridia@anytherm.com\">Mail<\/a><\/p>\n<\/div>\n<\/div>\n<\/div>\n<\/div>\n\n\n\n<div class=\"wp-block-columns teamBox is-layout-flex wp-container-core-columns-is-layout-28f84493 wp-block-columns-is-layout-flex\">\n<div class=\"wp-block-column is-layout-flow wp-block-column-is-layout-flow\" style=\"flex-basis:60%\">\n<p>Stephanie Glaser besitzt einen eidgen\u00f6ssischen Fachausweis im Finanz- und Rechnungswesen. Als diplomierte Buchhalterin mit langj\u00e4hriger Erfahrung in der Lohn- und Finanzbuchhaltung ist Stephanie Glaser f\u00fcr unser Rechnungswesen zust\u00e4ndig. In ihrer Freizeit kocht und backt sie gerne und verbringt viel Zeit mit ihren Freunden und ihrer Familie.  <\/p>\n<\/div>\n\n\n\n<div class=\"wp-block-column is-layout-flow wp-block-column-is-layout-flow\" style=\"flex-basis:40%\">\n<div class=\"wp-block-columns is-layout-flex wp-container-core-columns-is-layout-28f84493 wp-block-columns-is-layout-flex\">\n<div class=\"wp-block-column is-layout-flow wp-block-column-is-layout-flow\">\n<figure class=\"wp-block-image aligncenter size-full is-resized teamImage\"><img loading=\"lazy\" decoding=\"async\" width=\"565\" height=\"567\" src=\"https:\/\/www.anytherm.com\/wp-content\/uploads\/2024\/05\/Stephanie-Glaser_rg.png\" alt=\"\" class=\"wp-image-365\" style=\"aspect-ratio:0.9965621840242669;width:154px;height:auto\" srcset=\"https:\/\/www.anytherm.com\/wp-content\/uploads\/2024\/05\/Stephanie-Glaser_rg.png 565w, https:\/\/www.anytherm.com\/wp-content\/uploads\/2024\/05\/Stephanie-Glaser_rg-300x300.png 300w, https:\/\/www.anytherm.com\/wp-content\/uploads\/2024\/05\/Stephanie-Glaser_rg-150x150.png 150w\" sizes=\"auto, (max-width: 565px) 100vw, 565px\" \/><\/figure>\n\n\n\n<div style=\"height:7px\" aria-hidden=\"true\" class=\"wp-block-spacer\"><\/div>\n<\/div>\n\n\n\n<div class=\"wp-block-column teamName is-layout-flow wp-block-column-is-layout-flow\">\n<p><strong>Stephanie Glaser<\/strong><\/p>\n\n\n\n<p style=\"font-size:12px\">Buchhaltung RMA<\/p>\n<\/div>\n<\/div>\n<\/div>\n<\/div>\n\n\n\n<div class=\"wp-block-columns teamBox is-layout-flex wp-container-core-columns-is-layout-28f84493 wp-block-columns-is-layout-flex\">\n<div class=\"wp-block-column is-layout-flow wp-block-column-is-layout-flow\" style=\"flex-basis:60%\">\n<p>Andrea Vranje\u0161evi\u0107 hat einen Bachelor of Economics in Finanz- und Rechnungswesen. Sie hat mehrere Jahre Berufserfahrung als Buchhalterin in kleinen bis gro\u00dfen Unternehmen gesammelt. Bei Anytherm arbeitet Andrea Vranje\u0161evi\u0107 in den Bereichen HR, Finanzverwaltung und Buchhaltung und erstellt die erforderlichen Berichte und Unterlagen. In ihrer Freizeit geht sie als Naturliebhaberin gerne spazieren und bereist gerne spannenden St\u00e4dte.   <\/p>\n<\/div>\n\n\n\n<div class=\"wp-block-column is-layout-flow wp-block-column-is-layout-flow\" style=\"flex-basis:40%\">\n<div class=\"wp-block-columns is-layout-flex wp-container-core-columns-is-layout-28f84493 wp-block-columns-is-layout-flex\">\n<div class=\"wp-block-column is-layout-flow wp-block-column-is-layout-flow\">\n<figure class=\"wp-block-image aligncenter size-full is-resized teamImage\"><a href=\"mailto:andrea.vranjesevic@anytherm.com\"><img loading=\"lazy\" decoding=\"async\" width=\"426\" height=\"425\" src=\"https:\/\/www.anytherm.com\/wp-content\/uploads\/2024\/05\/Andrea-Vranjesevic_rg.png\" alt=\"\" class=\"wp-image-401\" style=\"width:154px\" srcset=\"https:\/\/www.anytherm.com\/wp-content\/uploads\/2024\/05\/Andrea-Vranjesevic_rg.png 426w, https:\/\/www.anytherm.com\/wp-content\/uploads\/2024\/05\/Andrea-Vranjesevic_rg-300x300.png 300w, https:\/\/www.anytherm.com\/wp-content\/uploads\/2024\/05\/Andrea-Vranjesevic_rg-150x150.png 150w\" sizes=\"auto, (max-width: 426px) 100vw, 426px\" \/><\/a><\/figure>\n<\/div>\n\n\n\n<div class=\"wp-block-column teamName is-layout-flow wp-block-column-is-layout-flow\">\n<p><strong>Andrea Davidovic<\/strong><\/p>\n\n\n\n<p style=\"font-size:12px\">Verwaltung und Buchhaltung<\/p>\n\n\n\n<p class=\"singleContact\" style=\"font-size:12px\"><a href=\"tel:0041782609088\">Tel<\/a> | <a href=\"mailto:andrea.huber@anytherm.com\">Mail<\/a><\/p>\n<\/div>\n<\/div>\n<\/div>\n<\/div>\n\n\n<h3 class=\"wp-block-heading\" style=\"font-size:clamp(14px, 0.875rem + ((1vw - 3.2px) * 0.625), 20px);text-transform:uppercase\" id=\"verwaltungsrat\">Verwaltungsrat<\/h3>\n\n\n<p><em>Unser Verwaltungsrat besteht aus Yves Ettlin (Pr\u00e4sident), Dominic Ettlin und Nicolas Ettlin (Verwaltungsratsmitglieder).<\/em><\/p>\n\n\n\n<div class=\"wp-block-columns teamBox is-layout-flex wp-container-core-columns-is-layout-28f84493 wp-block-columns-is-layout-flex\">\n<div class=\"wp-block-column is-layout-flow wp-block-column-is-layout-flow\" style=\"flex-basis:60%\">\n<p>Yves Ettlin, Pr\u00e4sident des Verwaltungsrates, verf\u00fcgt \u00fcber einen BBA in Business, Management, Marketing und Controlling sowie \u00fcber mehrere weitere h\u00f6here Managementausbildungen. Er war viele Jahre in leitenden Positionen in namhaften internationalen Unternehmen t\u00e4tig &#8211; zuletzt als Gesch\u00e4ftsf\u00fchrer Finanzen, Logistik und Verwaltung eines Unternehmens mit \u00fcber 4000 Mitarbeitern und 1 Milliarde Dollar Jahresumsatz. Yves engagiert sich ehrenamtlich als Vorstandsmitglied verschiedener karitativer Einrichtungen, ist verheiratet und Vater von 5 Kindern.  <\/p>\n<\/div>\n\n\n\n<div class=\"wp-block-column is-layout-flow wp-block-column-is-layout-flow\" style=\"flex-basis:40%\">\n<div class=\"wp-block-columns is-layout-flex wp-container-core-columns-is-layout-28f84493 wp-block-columns-is-layout-flex\">\n<div class=\"wp-block-column is-layout-flow wp-block-column-is-layout-flow\">\n<figure class=\"wp-block-image aligncenter size-full is-resized teamImage\"><a href=\"mailto:yves.ettlin@anytherm.com\"><img loading=\"lazy\" decoding=\"async\" width=\"882\" height=\"886\" src=\"https:\/\/www.anytherm.com\/wp-content\/uploads\/2024\/05\/Yves-Ettlin_rg.png\" alt=\"\" class=\"wp-image-353\" style=\"width:154px\" srcset=\"https:\/\/www.anytherm.com\/wp-content\/uploads\/2024\/05\/Yves-Ettlin_rg.png 882w, https:\/\/www.anytherm.com\/wp-content\/uploads\/2024\/05\/Yves-Ettlin_rg-300x300.png 300w, https:\/\/www.anytherm.com\/wp-content\/uploads\/2024\/05\/Yves-Ettlin_rg-150x150.png 150w, https:\/\/www.anytherm.com\/wp-content\/uploads\/2024\/05\/Yves-Ettlin_rg-768x771.png 768w\" sizes=\"auto, (max-width: 882px) 100vw, 882px\" \/><\/a><\/figure>\n<\/div>\n\n\n\n<div class=\"wp-block-column teamName is-layout-flow wp-block-column-is-layout-flow\">\n<p><strong>Yves Ettlin<\/strong><\/p>\n\n\n\n<p style=\"font-size:12px\">Verwaltungsratspr\u00e4sident<\/p>\n\n\n\n<p class=\"singleContact\" style=\"font-size:12px\"><a href=\"mailto:yves.ettlin@anytherm.com\">Mail<\/a><\/p>\n<\/div>\n<\/div>\n<\/div>\n<\/div>\n\n\n\n<div style=\"height:39px\" aria-hidden=\"true\" class=\"wp-block-spacer\"><\/div>\n\n\n\n<hr class=\"wp-block-separator has-alpha-channel-opacity\"\/>\n\n\n\n<p class=\"has-text-align-center\"><strong><em><a href=\"https:\/\/www.anytherm.com\/de\/ueber-uns\/kontakt\/\">Kontaktieren<\/a> Sie uns und erfahren Sie mehr \u00fcber unsere W\u00e4rmetauscherl\u00f6sungen und Energieberatungsdienste.<\/em><\/strong><\/p>\n\n\n\n<hr class=\"wp-block-separator has-alpha-channel-opacity\"\/>\n","protected":false},"excerpt":{"rendered":"<p>Unser engagiertes Team besteht aus qualifizierten Fachkr\u00e4ften aus den Bereichen Maschinenbau, Energieberatung, Verfahrenstechnik, Konstruktionstechnik, Schwei\u00df- und Fertigungstechnik sowie Wirtschaft und Verwaltung. Wir setzen auf schlanke Hierarchien und ein hohes Ma\u00df an Eigenverantwortung und Engagement unserer Mitarbeiter.Gemeinsam sind wir bestrebt, unseren Kunden ein H\u00f6chstma\u00df an Service und Qualit\u00e4t in unseren Projekten, Dienstleistungen und Produkten zu bieten. [&hellip;]<\/p>\n","protected":false},"author":1,"featured_media":0,"parent":4367,"menu_order":1,"comment_status":"closed","ping_status":"closed","template":"","meta":{"_acf_changed":false,"inline_featured_image":false,"footnotes":""},"folder":[30],"class_list":["post-4287","page","type-page","status-publish","hentry"],"acf":[],"_links":{"self":[{"href":"https:\/\/www.anytherm.com\/de\/wp-json\/wp\/v2\/pages\/4287","targetHints":{"allow":["GET"]}}],"collection":[{"href":"https:\/\/www.anytherm.com\/de\/wp-json\/wp\/v2\/pages"}],"about":[{"href":"https:\/\/www.anytherm.com\/de\/wp-json\/wp\/v2\/types\/page"}],"author":[{"embeddable":true,"href":"https:\/\/www.anytherm.com\/de\/wp-json\/wp\/v2\/users\/1"}],"replies":[{"embeddable":true,"href":"https:\/\/www.anytherm.com\/de\/wp-json\/wp\/v2\/comments?post=4287"}],"version-history":[{"count":59,"href":"https:\/\/www.anytherm.com\/de\/wp-json\/wp\/v2\/pages\/4287\/revisions"}],"predecessor-version":[{"id":7827,"href":"https:\/\/www.anytherm.com\/de\/wp-json\/wp\/v2\/pages\/4287\/revisions\/7827"}],"up":[{"embeddable":true,"href":"https:\/\/www.anytherm.com\/de\/wp-json\/wp\/v2\/pages\/4367"}],"wp:attachment":[{"href":"https:\/\/www.anytherm.com\/de\/wp-json\/wp\/v2\/media?parent=4287"}],"wp:term":[{"taxonomy":"folder","embeddable":true,"href":"https:\/\/www.anytherm.com\/de\/wp-json\/wp\/v2\/folder?post=4287"}],"curies":[{"name":"wp","href":"https:\/\/api.w.org\/{rel}","templated":true}]}}